{"id":219,"date":"2021-12-08T10:03:26","date_gmt":"2021-12-08T09:03:26","guid":{"rendered":"https:\/\/www.marc-tschanz.com\/live\/"},"modified":"2026-09-02T10:38:43","modified_gmt":"2026-09-02T08:38:43","slug":"live","status":"publish","type":"page","link":"https:\/\/www.marc-tschanz.com\/de\/live\/","title":{"rendered":"Live"},"content":{"rendered":"\n<h2 class=\"wp-block-heading\">Samstag, den 5. September 2026 von 19:00 bis 21:00 Uhr<\/h2>\n\n<p class=\"wp-block-paragraph\">Jugendfest Gurmels &#8211; Turnhalle Cordast, Dorfstrasse 48, 1792 Cordast (FR) &#8211; <strong>Marc Tschanz<\/strong><\/p>\n\n<p style=\"text-align: center;\"><add-to-calendar-button location=\"Turnhalle Cordast, Dorfstrasse 48, 1792 Cordast\" startdate=\"2026-09-05\" starttime=\"19:00\" endtime=\"21:00\" timezone=\"Europe\/Paris\" language=\"fr\" name=\"F\u00eate de la jeunesse de Gurmels\" options=\"&#039;apple&#039;,&#039;google&#039;,&#039;ical&#039;,&#039;outlookcom&#039;,&#039;ms365&#039;,&#039;yahoo&#039;\"><\/add-to-calendar-button><\/p>\n\n<hr class=\"wp-block-separator has-alpha-channel-opacity is-style-wide\"\/>\n\n<h2 class=\"wp-block-heading\">Freitag 11 September 2026 von 19h bis 22h15<\/h2>\n\n<p class=\"wp-block-paragraph\">Stubete Gebenstorf &#8211; Hornblick 3 5412 Gebenstorf (AG)- <strong>Marc Tschanz<\/strong> <strong>mit Adi Zurkirchen Martin Vogel und Alfred Mosimann<\/strong><\/p>\n\n<hr class=\"wp-block-separator has-alpha-channel-opacity is-style-wide\"\/>\n\n<h2 class=\"wp-block-heading\">Samstag 12 september 2026 ab 20h30<\/h2>\n\n<p class=\"wp-block-paragraph\">Tag der offenen T\u00fcr bei Pierre B\u00fchler SA \u2013 Grand-Rue 68, 2608 Courtelary (BE) \u2013 Marc Tschanz<\/p>\n\n<hr class=\"wp-block-separator has-alpha-channel-opacity is-style-wide\"\/>\n\n<h2 class=\"wp-block-heading\">Samstag 19 September 2026 ab 21h<\/h2>\n\n<p class=\"wp-block-paragraph\">Schafschau &#8211; Wegsolstrasse 15 3923 T\u00f6rbel (VS) &#8211; <strong>Marc Tschanz<\/strong><\/p>\n\n<p class=\"wp-block-paragraph\"><\/p>\n\n<hr class=\"wp-block-separator has-alpha-channel-opacity is-style-wide\"\/>\n\n<h2 class=\"wp-block-heading\">Montag 21 September<\/h2>\n\n<p class=\"wp-block-paragraph\">Sichlete &#8211; Bern Bundesplatz 3011 Bern (BE) &#8211; <strong>Marc Tschanz<\/strong><\/p>\n\n<hr class=\"wp-block-separator has-alpha-channel-opacity is-style-wide\"\/>\n\n<h2 class=\"wp-block-heading\">Freitag, 2. Oktober 2026, ab 19 Uhr<\/h2>\n\n<p class=\"wp-block-paragraph\">Blistenhof &#8211; Bilstenstrasse 48 8852 Altendorf (SZ) &#8211; <strong>Marc Tschanz<\/strong><\/p>\n\n<hr class=\"wp-block-separator has-alpha-channel-opacity is-style-wide\"\/>\n\n<h2 class=\"wp-block-heading\"><strong>Samstag 3 Oktober<\/strong><\/h2>\n\n<p class=\"wp-block-paragraph\">March\u00e9 d&#8217;automne de Champoz &#8211; 2735 Champoz (BE) &#8211; <strong>Marc Tschanz Quartet<\/strong><\/p>\n\n<hr class=\"wp-block-separator has-alpha-channel-opacity is-style-wide\"\/>\n\n<h2 class=\"wp-block-heading\">Sonntag 11 Oktober bis Mittwoch 14 Oktober <\/h2>\n\n<p class=\"wp-block-paragraph\">Begleit seminar im Volksmusighus St Ant\u00f6nien (GR) &#8211; <strong>Marc Tschanz<\/strong><\/p>\n\n<p class=\"wp-block-paragraph\"><a href=\"https:\/\/www.volksmusighus.ch\/musik-kurs\/2026-oergeli-begleitkurs-mit-marc-tschanz\" data-type=\"link\" data-id=\"https:\/\/www.volksmusighus.ch\/musik-kurs\/2026-oergeli-begleitkurs-mit-marc-tschanz\" rel=\"nofollow noopener\" target=\"_blank\">infos und Anmeldung<\/a><\/p>\n\n<hr class=\"wp-block-separator has-alpha-channel-opacity is-style-wide\"\/>\n\n<h2 class=\"wp-block-heading\">Samstag, 21. November 2026, von 9 bis 12 Uhr<\/h2>\n\n<p class=\"wp-block-paragraph\">Seminar zum Thema Tonleitern \u2013 Route de Chaindon 2, 2732 Reconvilier<\/p>\n\n<p class=\"wp-block-paragraph\"><a href=\"https:\/\/www.cours-schwyzoise.ch\/agenda\/\" data-type=\"link\" data-id=\"https:\/\/www.cours-schwyzoise.ch\/agenda\/\" rel=\"nofollow noopener\" target=\"_blank\">infos und anmeldungen<\/a><\/p>\n\n<hr class=\"wp-block-separator has-alpha-channel-opacity is-style-wide\"\/>\n\n<h2 class=\"wp-block-heading\">Samstag, 23. Januar 2027, von 9 bis 12 Uhr<\/h2>\n\n<p class=\"wp-block-paragraph\">Seminar zum Thema \u201eBegleitung\u201c \u2013 Route de Chaindon 2, 2732 Reconvilier<\/p>\n\n<p class=\"wp-block-paragraph\"><a href=\"https:\/\/www.cours-schwyzoise.ch\/agenda\/\" data-type=\"link\" data-id=\"https:\/\/www.cours-schwyzoise.ch\/agenda\/\" rel=\"nofollow noopener\" target=\"_blank\">infos und anmeldungen<\/a><\/p>\n\n<hr class=\"wp-block-separator has-alpha-channel-opacity is-style-wide\"\/>\n\n<h2 class=\"wp-block-heading\">Samstag, 6. Februar 2027, von 9 Uhr bis 12 Uhr<\/h2>\n\n<p class=\"wp-block-paragraph\">Seminar f\u00fcr Anf\u00e4nger \u2013 Route de Chaindon 2, 2732 Reconvilier<\/p>\n\n<p class=\"wp-block-paragraph\"><a href=\"https:\/\/www.cours-schwyzoise.ch\/agenda\/\" data-type=\"link\" data-id=\"https:\/\/www.cours-schwyzoise.ch\/agenda\/\" rel=\"nofollow noopener\" target=\"_blank\">infos und anmeldungen<\/a><\/p>\n\n<hr class=\"wp-block-separator has-alpha-channel-opacity is-style-wide\"\/>\n\n<h2 class=\"wp-block-heading\">Freitag 26 Februar bis Freitag 5 M\u00e4rz 2027<\/h2>\n\n<p class=\"wp-block-paragraph\">\ud83c\uddf8\ud83c\uddea\u00a0L\u00e4ndler-Reisli Lappland &#8211;\u00a0<strong>Marc Tschanz Duo<\/strong><\/p>\n\n<p class=\"wp-block-paragraph\"><a href=\"https:\/\/arctika.travel\/reise\/themenwoche-5-lappland-laendler-reise-mit-marc-tschanz\/\" data-type=\"link\" data-id=\"https:\/\/arctika.travel\/reise\/themenwoche-5-lappland-laendler-reise-mit-marc-tschanz\/\" rel=\"nofollow noopener\" target=\"_blank\">infos und buchen<\/a><\/p>\n\n<hr class=\"wp-block-separator has-alpha-channel-opacity is-style-wide\"\/>\n\n<h2 class=\"wp-block-heading\">von Montag 24 Mai bis Donnerstag 27 Mai 2027<\/h2>\n\n<p class=\"wp-block-paragraph\">\ud83c\uddeb\ud83c\uddf7 Marti-Musik-Flusskreuzfahrt auf der Rh\u00f4ne &#8211; <strong>Marc Tschanz (Duo<\/strong>)<\/p>\n\n<p class=\"wp-block-paragraph\"><a href=\"https:\/\/www.marti.voyage\/3eme-croisiere-fluviale-musicale-marti-le-rhone\/\" data-type=\"link\" data-id=\"https:\/\/www.marti.voyage\/3eme-croisiere-fluviale-musicale-marti-le-rhone\/\" rel=\"nofollow noopener\" target=\"_blank\">infos und anmeldungen<\/a><\/p>\n\n<add-to-calendar-button location=\"Lappland\" startdate=\"2027-02-26\" enddate=\"2027-03-26\" starttime=\"00:00\" endtime=\"23:59\" timezone=\"Europe\/Paris\" language=\"fr\" name=\"Titre de l&#039;\u00e9v\u00e9nement\" options=\"&#039;apple&#039;,&#039;google&#039;,&#039;ical&#039;,&#039;outlookcom&#039;,&#039;ms365&#039;,&#039;yahoo&#039;\"><\/add-to-calendar-button>\n\n<hr class=\"wp-block-separator has-alpha-channel-opacity is-style-wide\"\/>\n\n<h2 class=\"wp-block-heading\">Sonntag der 1. August 2027 von 11h bis 14h<\/h2>\n\n<p class=\"wp-block-paragraph\">1er august Lengnau &#8211; Dorfplatz 1 2543 Lengnau (BE) &#8211; <strong>Marc Tschanz <\/strong><\/p>\n\n<add-to-calendar-button location=\"Dorfplatz 1 2543 Lengnau\" startdate=\"2027-08-01\" starttime=\"11:00\" endtime=\"14:00\" timezone=\"Europe\/Paris\" language=\"fr\" name=\"Titre de l&#039;\u00e9v\u00e9nement\" options=\"&#039;apple&#039;,&#039;google&#039;,&#039;ical&#039;,&#039;outlookcom&#039;,&#039;ms365&#039;,&#039;yahoo&#039;\"><\/add-to-calendar-button>\n\n<hr class=\"wp-block-separator has-alpha-channel-opacity is-style-wide\"\/>\n\n<h2 class=\"wp-block-heading\">Freitag 12 November 2027 von 19h bis 23h30<\/h2>\n\n<p class=\"wp-block-paragraph\">Gast Musiker bei der JUMU Stubete &#8211; Restaurant Traube 3257 Grossaffoltern (BE) &#8211; <strong>Marc Tschanz <\/strong><\/p>\n\n<add-to-calendar-button location=\"Restaurant Traube 3257 Grossaffoltern\" startdate=\"2027-11-12\" starttime=\"19:00\" endtime=\"23:30\" timezone=\"Europe\/Paris\" language=\"fr\" name=\"Titre de l&#039;\u00e9v\u00e9nement\" options=\"&#039;apple&#039;,&#039;google&#039;,&#039;ical&#039;,&#039;outlookcom&#039;,&#039;ms365&#039;,&#039;yahoo&#039;\"><\/add-to-calendar-button>\n\n<div class=\"wp-block-columns are-vertically-aligned-center is-layout-flex wp-container-core-columns-is-layout-8f761849 wp-block-columns-is-layout-flex\">\n<div class=\"wp-block-column is-vertically-aligned-center is-layout-flow wp-block-column-is-layout-flow\" style=\"flex-basis:100%\">\n<p class=\"has-text-align-center wp-block-paragraph\" style=\"font-size:26px\"><strong>Fr\u00fchere Veranstaltungen :<\/strong><\/p>\n<\/div>\n<\/div>\n\n<p class=\"wp-block-paragraph\"><\/p>\n\n<details class=\"wp-block-details is-layout-flow wp-block-details-is-layout-flow\"><summary>2026<\/summary>\n<ul class=\"wp-block-list\">\n<li>F\u00eate D&#8217;innoguration de la Clientis &#8211; 2606 Courtelary (BE) &#8211; <strong>Marc Tschanz Duo<\/strong><\/li>\n\n\n\n<li>Barfest Sch\u00f6nried (BE) &#8211; <strong>Marc Tschanz (Trio)<\/strong><\/li>\n\n\n\n<li>Grillplausch &#8211; M\u00fchlegasse 7 5742 K\u00f6lliken (AG) &#8211; <strong>Marc Tschanz<\/strong><\/li>\n\n\n\n<li>Restaurant St\u00e4ubis &#8211; Steubisallmend 2 8416 Flaach (ZH) &#8211; <strong>Marc Tschanz<\/strong><\/li>\n\n\n\n<li>Laret-Markt &#8211; 7504 Pontresina (GR) &#8211; <strong>Marc Tschanz <\/strong><\/li>\n\n\n\n<li>Einweihungsfest &#8211; 8966 Oberwil-Lieli (AG) &#8211; <strong>Marc Tschanz Duo<\/strong><\/li>\n\n\n\n<li>March\u00e9-Concours &#8211; Halle-cantine 2350 Saignel\u00e9gier (JU) &#8211; <strong>Marc Tschanz (Trio)<\/strong><\/li>\n\n\n\n<li>La VW en forge &#8211; Les Forges 1a 2863 Undervelier (JU) &#8211; <strong>Marc Tschanz (Quartet)<\/strong><\/li>\n\n\n\n<li>Nationalfeiertag \u2013 Plateau d\u2019Orange 2710 Tavannes (BE) \u2013 Marc Tschanz (Duo)<\/li>\n\n\n\n<li>Hola Interlanken (BE) &#8211; <strong>Marc Tschanz<\/strong><\/li>\n\n\n\n<li>Nationalfeiertag \u2013 Chemin du ch\u00e2teau 7, 2900 Porrentruy (JU) \u2013 Marc Tschanz (Duo)<\/li>\n\n\n\n<li>Kultur Garten Ernen &#8211; Bieu 25, 3995 Ernen (VS) &#8211; <strong>Marc Tschanz (Trio)<\/strong><\/li>\n\n\n\n<li>Sigriswiler Heimattage &#8211; Viehschauplatz Raft 3654 Sigriswil (BE) &#8211; <strong>Marc Tschanz (Duo)<\/strong><\/li>\n\n\n\n<li>Bietschhornh\u00fctte &#8211; 3918 Wiler (VS) &#8211; <strong>Marc Tschanz <\/strong><\/li>\n\n\n\n<li>Einweihungsfest Schulanlage Grasswil\/Seeberg (BE) &#8211; <strong>Marc Tschanz (Duo)<\/strong><\/li>\n\n\n\n<li>Palp Festival &#8211; 1934 Bruson (VS) &#8211;\u00a0 <strong>Marc Tschanz (Duo)<\/strong><\/li>\n\n\n\n<li>Voll-Gas-Chl\u00f6pfer L\u00e4ndler-F\u00e4scht &#8211; Dorfplatz 8372 Wiezikon Bei Sirnach (TG) &#8211; <strong>Marc Tschanz (Duo)<\/strong><\/li>\n\n\n\n<li>Aargauer kant. schwingfest &#8211; Rohr (AG) &#8211; <strong>Marc Tschanz (trio)<\/strong><\/li>\n\n\n\n<li>National P\u00e4rke-Markt &#8211; Bundesplatz 3011 Berne &#8211; <strong>Marc Tschanz (Duo)<\/strong><\/li>\n\n\n\n<li>H\u00fchnerbar Dorf-Gaudi Oberwil &#8211; Lieli (AG) &#8211; <strong>Marc Tschanz<\/strong><\/li>\n\n\n\n<li>Seel\u00e4ndisches Schwingfest Ipsach (BE) &#8211; <strong>Marc Tschanz (quartet)<\/strong><\/li>\n\n\n\n<li>Bilstenhof tag der offenent\u00fcr Altendorf (SZ) &#8211; <strong>Marc Tschanz<\/strong><\/li>\n\n\n\n<li>Seminar St. Ant\u00f6nien (GR) &#8211; <strong>Marc Tschanz<\/strong><\/li>\n\n\n\n<li>ZeughausKultur Gliserallee 91 3902 Brig-Glis (VS) Marc Tschanz (trio)<\/li>\n\n\n\n<li>Loch ness Thalstrasse 23 4712 Laupersdorf (SO) Marc Tschanz (trio)<\/li>\n\n\n\n<li>MZH K\u00f6lliken (AG) &#8211; <strong>Marc Tschanz (trio)<\/strong><\/li>\n\n\n\n<li>Toggenburgerhof Florastrasse 2 &#8211; 9533 Kirchberg (SG) &#8211; Marc Tschanz (trio)<\/li>\n\n\n\n<li>Cacis m\u00fchle Grossh\u00f6chstetten (BE) &#8211; <strong>Marc Tschanz (trio)<\/strong><\/li>\n\n\n\n<li>Besenbeiz Huserenberg (SZ) &#8211; <strong>Marc Tschanz (trio)<\/strong><\/li>\n\n\n\n<li>Time Out 2720 Tramelan (BE) &#8211; <strong>Marc Tschanz (trio)<\/strong><\/li>\n\n\n\n<li>Soir\u00e9e de l&#8217;\u00e9cole de schwyzoise de reconvilier &#8211; Beau-Site 9, 2732 Loveresse (BE) &#8211; <strong>Marc Tschanz (duo)<\/strong><\/li>\n\n\n\n<li>Treberwurstessen Stubete &#8211; Rebhalde 26 3268 Lobsigen (BE) &#8211; <strong>Stubete<\/strong><\/li>\n\n\n\n<li>Aargauer Hamarathon &#8211; Aarau &#8211; <strong>Marc Tschanz<\/strong><\/li>\n\n\n\n<li>Musigete &#8211; Kapuzinerstrasse 18 4500 Solothurn &#8211; <strong>Marc Tschanz<\/strong><\/li>\n\n\n\n<li>Soir\u00e9e de soutien du FCTT &#8211; Tramelan (BE) &#8211; <strong>Marc Tschanz<\/strong><\/li>\n\n\n\n<li>Metzgete &#8211; Gasthof L\u00f6wen, 3309 Kernenried (BE) &#8211; <strong>Marc Tschanz<\/strong> COMPLET<\/li>\n\n\n\n<li>12h du fromage ch\u00e9zard-st-martin (NE)- <strong>Marc Tschanz<\/strong><\/li>\n\n\n\n<li>Corss-Country WM (VS) &#8211; <strong>Marc Tschanz<\/strong><\/li>\n\n\n\n<li>Sunset Kestenholz (SO) &#8211; <strong>Marc Tschanz <strong>Expanded<\/strong> (trio<\/strong>)<\/li>\n\n\n\n<li>Konzert &#8211; 5423 Freienswil (AG) &#8211; <strong>Marc Tschanz \u00a0Expanded (trio)<\/strong><\/li>\n\n\n\n<li>Soci\u00e9t\u00e9 d&#8217;ornithologie &#8211; Tramelan (BE) <strong>Marc Tschanz Expanded (trio)<\/strong><\/li>\n<\/ul>\n<\/details>\n\n<details class=\"wp-block-details is-layout-flow wp-block-details-is-layout-flow\"><summary>2025<\/summary>\n<ul class=\"wp-block-list\">\n<li>Stubete M\u00fcmliswil-Ramiswil (SO) &#8211; <strong>Marc Tschanz duo<\/strong><\/li>\n\n\n\n<li>Walliserhof Dorfweg 1 3906 Saas-Fee (VS) &#8211; <strong>Marc Tschanz avec DJ Cale<\/strong><\/li>\n\n\n\n<li>Heubode Party &#8211; Hallenstadion (ZH) &#8211; <strong>Marc Tschanz<\/strong><\/li>\n\n\n\n<li>Sous-soul Bern (BE) &#8211; <strong>Marc Tschanz Expanded (trio)<\/strong><\/li>\n\n\n\n<li>Mezgete &#8211; Restaurant Bauernhof Oberlunkhofen (AG) &#8211; <strong>Marc Tschanz<\/strong><\/li>\n\n\n\n<li>\u00c4lpler und Bauernchilbi Linthal &#8211; 8783 Linthal (GL) &#8211; <strong>Marc Tschanz<\/strong><\/li>\n\n\n\n<li>Raclette Festival &#8211; Restaurant Gemse 4710 Balsthal &#8211; <strong>Marc Tschanz<\/strong><\/li>\n\n\n\n<li>Croisi\u00e8re musicale &#8211;<strong> Marc Tschanz<\/strong><\/li>\n\n\n\n<li>Buvette de Tramelan (BE) &#8211; <strong>Marc Tschanz duo<\/strong><\/li>\n\n\n\n<li>Hoffest &#8211; Chappeliweg 4, 2545 Selzach (SO) &#8211; <strong>Marc Tschanz<\/strong><\/li>\n\n\n\n<li>10. Jahrestag der Fusion von petit-val &#8211; Derri\u00e8re les H\u00f4tas 23, 2748 Souboz (BE) &#8211; <strong>Marc Tschanz<\/strong><\/li>\n\n\n\n<li>9. Stubete Gebenstorf (AG)<\/li>\n\n\n\n<li>Buurem\u00e4rit 3110 M\u00fcnsingen (BE) &#8211; <strong>Marc Tschanz<\/strong><\/li>\n\n\n\n<li>Rinderzuchtverein von La Sagne &#8211; Mi\u00e9ville 127, 2314 La Sagne (NE) &#8211; <strong>Marc Tschanz<\/strong><\/li>\n\n\n\n<li>777 Jahre Kirchleerau (AG) &#8211;<strong> Marc Tschanz<\/strong><\/li>\n\n\n\n<li>Rollen Rodel WM &#8211; Grindelwald (BE) &#8211; <strong>Marc Tschanz<\/strong><\/li>\n\n\n\n<li>30 Jahre Drachuloch &#8211; Weingartenstrasse 19, 3904 Naters (VS) &#8211;<strong> Marc Tschanz<\/strong><\/li>\n\n\n\n<li>ESAF Mollis (GL) <strong>Marc Tschanz<\/strong><\/li>\n\n\n\n<li>Casselfest 3987 Riederalp (VS) &#8211; <strong>Marc Tschanz<\/strong><\/li>\n\n\n\n<li>Jugendfest von Gryon &#8211; Refuge de Taveyanne, Route de Taveyanne, 1882 Gryon (VD) &#8211; <strong>Marc Tschanz<\/strong><\/li>\n\n\n\n<li>1er ao\u00fbt Aarburg &#8211; 4663 Aarburg (AG) &#8211; <strong>Marc Tschanz duo<\/strong><\/li>\n\n\n\n<li>1er Ao\u00fbt 5417 Untersiggenthal (AG) &#8211; <strong>Marc Tschanz<\/strong><\/li>\n\n\n\n<li>Sommer bar &#8211; Gibswil, 8498 Fischenthal (ZH) &#8211; <strong>Marc Tschanz<\/strong><\/li>\n\n\n\n<li>Alpenlodge, 3925 Gr\u00e4chen (VS) &#8211; <strong>Marc Tschanz<\/strong><\/li>\n\n\n\n<li>Concert support Yury Revich, 4051 Basel (CH) &#8211;<strong> Yury Revich + Marc Tschanz<\/strong><\/li>\n\n\n\n<li>55 Bern. Kant. Jodlerfest, 3775 Lenk (CH) &#8211; <strong>Marc Tschanz + Christian Tschanz<\/strong><\/li>\n\n\n\n<li>Buurechilbi &#8211; Bernaustrasse 212, 5325 Leibstadt (CH) &#8211; <strong>Marc Tschanz<\/strong><\/li>\n\n\n\n<li>P\u00f6schtli Naters, Ueberlandstrasse, 3904 Brig-Glis (CH) &#8211; <strong>Marc Tschanz<\/strong><\/li>\n\n\n\n<li>Hoffest, Obst &amp; Weinbau Kaufmann, 4463 Buus (CH) &#8211; <strong>Marc Tschanz<\/strong><\/li>\n\n\n\n<li>Sch\u00fctzenfest, 4710 Balsthal (CH) &#8211; <strong>Marc Tschanz<\/strong><\/li>\n\n\n\n<li>Eurovision pre-show, Stade St-Jakob, 4052 B\u00e2le (CH) &#8211; <strong>Marc Tschanz<\/strong><\/li>\n\n\n\n<li>Eurovision village &#8211; Messe Basel, Messepl. 10, 4005 B\u00e2le (BL) &#8211; <strong>Marc Tschanz<\/strong><\/li>\n\n\n\n<li>Tourn\u00e9e Marc Tschanz \u00d6rgeli House Tour 2.0 &#8211; Elm, Naters, Oberbipp, Ebnat-Kappe, Reconvilier (CH)<strong> &#8211; Marc Tschanz with band<\/strong><\/li>\n\n\n\n<li>Apr\u00e8s Ski Party, Chaletbar, 3823 Kleine Scheidegg (CH) &#8211; <strong>Marc Tschanz<\/strong><\/li>\n\n\n\n<li>Er\u00f6ffnungsparty der Freestyle-Weltmeisterschaft &#8211; 7500 St. Moritz (CH) &#8211; <strong>Marc Tschanz<\/strong><\/li>\n\n\n\n<li>Adelboden Live &#8211; Restaurant Aebi, 3715 Adelboden (CH) &#8211; <strong>Marc Tschanz avec Alfred Mosimann<\/strong><\/li>\n\n\n\n<li>Halb Marathon , 5000 Aarau (CH) &#8211; <strong>Marc Tschanz<\/strong><\/li>\n\n\n\n<li>Fasnacht &#8211; Bistro Amp\u00e8re, 5420 Ehrendigen (AG) &#8211; <strong>Marc Tschanz<\/strong><\/li>\n\n\n\n<li>FC Oftringen, 4665 Oftringen (CH) &#8211;<strong> Marc Tschanz<\/strong><\/li>\n\n\n\n<li>Metzgete, 3309 Kerneried (CH) &#8211; <strong>Marc Tschanz<\/strong><\/li>\n\n\n\n<li>Carnaval, 3132 Riggisberg (CH) &#8211; <strong>Marc Tschanz + SQ z\u00e4megw\u00fcrflet Riggisberg fasnacht <\/strong><\/li>\n\n\n\n<li>Stubete Deli, 2710 Tavannes (CH) &#8211; <strong>Marc Tschanz<\/strong><\/li>\n\n\n\n<li>Offroad Raclette party &#8211; 6260 Langnau bi Reiden &#8211; <strong>Marc Tschanz<\/strong><\/li>\n\n\n\n<li>12 Uhr Raclette, Teleski Tramelan, 2720 Tramelan (CH) &#8211; <strong>Marc Tschanz<\/strong><\/li>\n\n\n\n<li>Jekami stubete, Restaurant Wiler, 3700 Spiez (CH) &#8211; <strong>Marc Tschanz<\/strong><\/li>\n\n\n\n<li>Internationales Treffen von ferngesteuerten Hei\u00dfluftballons, Werdtberg, 2732 Reconvilier (CH) &#8211; <strong>Marc Tschanz<\/strong><\/li>\n<\/ul>\n<\/details>\n\n<details class=\"wp-block-details is-layout-flow wp-block-details-is-layout-flow\"><summary>2024<\/summary>\n<ul class=\"wp-block-list\">\n<li>Offroad Raclette party &#8211; 6260 Langnau bi Reiden &#8211; <strong>Marc Tschanz<\/strong><\/li>\n\n\n\n<li>12 Uhr Raclette, Teleski Tramelan, 2720 Tramelan (CH) &#8211; <strong>Marc Tschanz<\/strong><\/li>\n\n\n\n<li>Jekami stubete, Restaurant Wiler, 3700 Spiez (CH) &#8211; <strong>Marc Tschanz<\/strong><\/li>\n\n\n\n<li>Internationales Treffen von ferngesteuerten Hei\u00dfluftballons, Werdtberg, 2732 Reconvilier (CH) &#8211; <strong>Marc Tschanz<\/strong><\/li>\n\n\n\n<li>No\u00ebl Folklorique &#8211; Salle communale, 2607 Cort\u00e9bert (BE) &#8211; <strong>Marc Tschanz &amp; Matthieu Beuchat<\/strong><\/li>\n\n\n\n<li>Weihnachtsmarkt &#8211; 8853 Lachen (CH) &#8211;<strong> Marc Tschanz<\/strong><\/li>\n\n\n\n<li>Winterdorf mit Weihnachtsmarkt &#8211; 3715 Adelboden (CH) &#8211; <strong>Marc Tschanz<\/strong><\/li>\n\n\n\n<li>Veranstaltungen bei Sonnenuntergang &#8211; 4703 Kestenholz (SO) &#8211; <strong>Marc Tschanz + Led Farmers<\/strong><\/li>\n\n\n\n<li>Weihnachtsfeier Fondation des ch\u00e9vri\u00e8res, 2926 Boncourt (CH) &#8211; <strong>Marc Tschanz<\/strong><\/li>\n\n\n\n<li>Chlausstubete, Oberdorfstrasse 108, 5325 Leibstadt\u00a0 (AG) &#8211; <strong>Marc Tschanz<\/strong><\/li>\n\n\n\n<li>Weihnachtsveranstaltung &#8211; Quai 29, Rue de la Gare 23, 2605 Sonceboz (BE) &#8211; <strong>Marc Tschanz<\/strong><\/li>\n\n\n\n<li>Restaurant Pintli &#8211; 6110 Wolhusen (LU) &#8211; <strong>Marc Tschanz<\/strong><\/li>\n\n\n\n<li>Le Glatz, 2720 Tramelan (CH) &#8211; <strong><strong>Marc Tschanz<\/strong><\/strong><\/li>\n\n\n\n<li>Reformierte Kirche Vordemwald, 4803 Vordemwald (CH) &#8211; <strong>Marc Tschanz<\/strong><\/li>\n\n\n\n<li>Vougasparty, 3116 Kirchdorf (CH) &#8211; <strong>Formation Z\u00e4m\u00e4gw\u00fcrflet feat Marc Tschanz<\/strong><\/li>\n\n\n\n<li>RTC SKI AG, Grabenweg 29, 3902 Glis (CH)<\/li>\n\n\n\n<li>Verkostung und Verkauf von Alpk\u00e4se &#8211; Loge de la Chaux, 2720 Les Reussilles (BE) &#8211; <strong>Marc Tschanz<\/strong><\/li>\n\n\n\n<li>Restaurant Belv\u00e9d\u00e8re &#8211; Belvedere 1, 5400 Baden (AG) &#8211; <strong>Marc Tschanz + Simon Schnydrig + Adi Zurkirchen<\/strong><\/li>\n\n\n\n<li>R\u00f6ssli, Roessliweg 1, 4538 Oberbipp (CH)<\/li>\n\n\n\n<li>Stubete Deli, Place de la Gare 4, Tavannes (CH)<\/li>\n\n\n\n<li>Country-Nacht, Caf\u00e9 Colette, Im Winkel 1, 4717 M\u00fcmliswil (CH)<\/li>\n\n\n\n<li>Sonnenuntergangskonzert &#8211; Hotel Chasseral, 2518 Nods &#8211; <strong>Marc Tschanz<\/strong><\/li>\n\n\n\n<li>Oktoberfest, Restaurant le Grimm, 2710 Tavannes (CH)<\/li>\n\n\n\n<li>Farmfest, 4704 Niderbipp (CH)<\/li>\n\n\n\n<li>Chalet Bellevue Montoz, 2710 Tavannes (CH)<\/li>\n\n\n\n<li>Foire de chaindon, tente \u00e9cole de schwyzoise, 2732 Reconvilier (CH)<\/li>\n\n\n\n<li>Foire de Chaindon, tente Schnegg &#8211; 2732 Reconvilier (BE) &#8211; <strong>Marc Tschanz<\/strong><\/li>\n\n\n\n<li>Laret-M\u00e4rkte Pontresina, 7504 Pontresina (CH)<\/li>\n\n\n\n<li>Stubete, 4712 Laupersdorf (CH)<\/li>\n\n\n\n<li>\u00d6rgeli House CD tour, Genderb\u00fcebu Open Air, 3904 Natters (CH)<\/li>\n\n\n\n<li>Grosses \u00c4lperfest Riederalp, Sportplatz, 3987 Riederalp (CH)<\/li>\n\n\n\n<li>MZH L\u00e4gernbreite, L\u00e4gernbreite, 5420 Ehrendingen (CH)<\/li>\n\n\n\n<li>F\u00eate 1 ao\u00fbt, 1630 Bulle (CH)<\/li>\n\n\n\n<li>H\u00f4tel Auberge du Peu-P\u00e9quignot, 2340 Le Noirmont (CH)<\/li>\n\n\n\n<li>Restaurant Sur-le-Mont, 2932 Coeuve (CH)<\/li>\n\n\n\n<li>Restaurant Pintli, 6110 Wolhusen (CH)<\/li>\n\n\n\n<li>F\u00eate de Mont-Girod, 2738 Court (CH)<\/li>\n\n\n\n<li>Restaurant Freihof, 9612 Dreien (CH)<\/li>\n\n\n\n<li>Neuer\u00f6ffnung Wertberg, 2732 Reconvilier (CH)<\/li>\n\n\n\n<li>Iffwilstrasse 2, 3303 Zuzwil (CH)<\/li>\n\n\n\n<li>Dorffest, 5325 leibstadt (CH)<\/li>\n\n\n\n<li>Stubete, Delirium, 2710 Tavannes (CH)<\/li>\n\n\n\n<li>Alpen Beats,  3900 Brig (VS), Alpen Beats (CH)<\/li>\n\n\n\n<li>3400 Burgdorf (VS), <strong>Trio Th\u00fcrler-Mosimann<\/strong><\/li>\n\n\n\n<li>Public Viewing, 3951 Agarn (CH)<\/li>\n\n\n\n<li>F\u00eate Champ\u00eatre au Restaurant de la Cuisini\u00e8re, 2608 Courtelary (CH)<\/li>\n\n\n\n<li>Er\u00f6ffnung des Greenfield-Festivals, 3800 Interlaken (BE) <\/li>\n\n\n\n<li>Saint-Bison, 2534 Les Pr\u00e8s-d&#8217;Orvins (CH)<\/li>\n\n\n\n<li>Restaurant Central, 4133 Pratteln (CH)<\/li>\n\n\n\n<li>SuisseXperience, 6557 Cama (CH)<\/li>\n\n\n\n<li>\u00d6rgeli House CD tour &#8211; Court, Ehrendingen, Ebnat-Kappel, Kernenried, Matran (CH)<\/li>\n\n\n\n<li>BEA, BERNEXPO, 3014 Bern (CH)<\/li>\n\n\n\n<li>Reithalle Balsthal genderb\u00fcebu tour,\u00a0Brunnersmoosstrasse 15, Balsthal (CH)<\/li>\n\n\n\n<li>Stubete, Restaurant de la Cusini\u00e8re, 2607 Les Pr\u00e8s-de-Cort\u00e9bert, <strong>Marc Tschanz<\/strong><\/li>\n\n\n\n<li>H\u00fchmerbar-Crew, Unterdorfstrasse 23, 8966 Oberwil-Lieli (CH)<\/li>\n\n\n\n<li>Croisi\u00e8re musicale, Marti Voyage<\/li>\n\n\n\n<li>Stubete au Deli Bar, 2710 Tavannes, <strong>Marc Tschanz<\/strong><\/li>\n\n\n\n<li>Leichtathletikstadion Schachen Schwimmbadstrasse, 5000 Aarau (CH)<\/li>\n\n\n\n<li>Restaurant Aeltschhorn, 3914 Belalp<\/li>\n\n\n\n<li>Metzgete, Gasthof L\u00f6wen, 3309 Kerneried (CH)<\/li>\n\n\n\n<li>Soir\u00e9e Folklorique des lutteurs de P\u00e9ry, 2603 P\u00e9ry<\/li>\n\n\n\n<li>Restaurant Bistro Amp\u00e8re, 5420 Ehrendingen (CH)<\/li>\n\n\n\n<li>Carnaval, Altishofen (CH)<\/li>\n\n\n\n<li>Die 12 Stunden des K\u00e4ses, 2054 Ch\u00e9zard-St-Martin (CH)<\/li>\n\n\n\n<li>Akkordeonist Tramelan, 2720 Tramelan (CH)<\/li>\n\n\n\n<li>Kleines Neujahrsfest der Jugend von provence mutrux, 1428 Provence (CH)<\/li>\n<\/ul>\n<\/details>\n\n<details class=\"wp-block-details is-layout-flow wp-block-details-is-layout-flow\"><summary>2023<\/summary>\n<ul class=\"wp-block-list\">\n<li>Croisi\u00e8re Musicale<\/li>\n\n\n\n<li>Stubete au Restaurant de la Cuisini\u00e8re, 2607 Cort\u00e9bert (CH)<\/li>\n\n\n\n<li>Salon des Transports, 3014 Berne (CH)<\/li>\n\n\n\n<li>Exposition d&#8217;automne GDL Camper, 2606 Corg\u00e9mont (CH)<\/li>\n\n\n\n<li>Verkauf &amp; Verkostung von Alpk\u00e4se, 2720 Les Reussille (CH)<\/li>\n\n\n\n<li>Stubete Bisons Ranch, 2534 Les Pr\u00e9s-d&#8217;Orvin (CH)<\/li>\n\n\n\n<li>Stubete Baden, Restaurant Belv\u00e9d\u00e8re, Belvedere 1, 5400 Baden<\/li>\n\n\n\n<li>Rencontre des Yodleur \u00e0 l\u2019Abbatial de Bellelay, 2713 Bellelay (CH)<\/li>\n\n\n\n<li>La B\u00e9nichon du Pays de Fribourg &#8211; <strong>Marc Tschanz Solo<\/strong><\/li>\n\n\n\n<li>Stubete au Graitery, 273Court (CH)<\/li>\n\n\n\n<li>Restaurant du Sarrazin, 1782 Lossy (CH)<\/li>\n\n\n\n<li>Foire de Chaindon, 2732 Reconvilier (CH)<\/li>\n\n\n\n<li>Weltmeisterschaft im Tauziehen &#8211; 6208 Sursee (CH)<\/li>\n\n\n\n<li>Stubete \u00e0 la Cusini\u00e8re, 2607 Cort\u00e9bert<\/li>\n\n\n\n<li>H\u00e4xekalazz &#8211; Restaurant Aeltschhorn &#8211; 3914 Belalp &#8211; <strong>M-project<\/strong><\/li>\n\n\n\n<li><a href=\"https:\/\/mida-aarau.ch\/\" rel=\"nofollow noopener\" target=\"_blank\">Festival Musig i de Altschtadt<\/a>, 5000 Aarau (CH)<\/li>\n\n\n\n<li>Open Airs Trauffer Gl\u00f6ggel\u00e4 Tour 2023 &#8211; Heitere Zofingen &#8211; <strong>Marc Tschanz<\/strong> <strong>Solo<\/strong><\/li>\n\n\n\n<li>Grande \u00c4lplerfest Riederalp, 3987 Riederalp (CH)<\/li>\n\n\n\n<li>Klangland Festival, 3919 Blatten (CH)<\/li>\n\n\n\n<li>Stubete Laupersdorf (CH)<\/li>\n\n\n\n<li>1. August-Feier, 3919 Blatten (CH)<\/li>\n\n\n\n<li>Brunch am 1. August, M\u00e9tairie du Bois Raiguel (CH)<\/li>\n\n\n\n<li>Bergerie sur la Rive 2023, 2735 B\u00e9villard (CH)<\/li>\n\n\n\n<li>Bal des Foins 2023, les ponts-de-martels (CH)<\/li>\n\n\n\n<li>F\u00eate de Mont Girod 2023 (CH)<\/li>\n\n\n\n<li>Sandlochfescht &#8211; Staadstrasse 223a, 2540 Grenchen (CH)<\/li>\n\n\n\n<li>Berner Kantonales Schwingfest &#8211; 2720 Tramelan (CH) <\/li>\n\n\n\n<li>36<sup>e<\/sup> Landfest Restaurant de La Cuisini\u00e8re (CH)<\/li>\n\n\n\n<li>Tag der offenen T\u00fcr auf dem Bauernhof Colliard &#8211; 2822 Courroux (CH)<\/li>\n\n\n\n<li>Walliser Pfeifer- und Trommlertreffen &#8211; 3904 Natters, Wallis (CH) <\/li>\n\n\n\n<li>Crystal Bar &#8211; Reconvilier (CH) <\/li>\n\n\n\n<li>Royal H\u00f4tel Savoye &#8211; Lausanne (CH)<\/li>\n\n\n\n<li>Openair &#8211; Rothenthurm (CH)<\/li>\n\n\n\n<li>Er\u00f6ffnungsausstellung GDL Camper (CH)<\/li>\n\n\n\n<li>Reise Marti, Hotel Tirole (CH) <\/li>\n\n\n\n<li>Trauffer Gl\u00f6ggel\u00e4 Tour 2023 (CH)<\/li>\n\n\n\n<li>Der Aargau Halbmarathon (CH)<\/li>\n\n\n\n<li>Gasthof L\u00f6wen Kerneried, Bouchoyade (CH)<\/li>\n\n\n\n<li>Jahresabend 2023 des Jodlerklubs Alpenr\u00f6sli Lausanne, Savigny (CH)<\/li>\n<\/ul>\n<\/details>\n\n<details class=\"wp-block-details is-layout-flow wp-block-details-is-layout-flow\"><summary>2022<\/summary>\n<ul class=\"wp-block-list\">\n<li>Fanfare-Abend, Epende (CH) <\/li>\n\n\n\n<li>Hexenabfahrt, Blatten (CH) <\/li>\n\n\n\n<li>Johannisfest, Rougemont (CH) <\/li>\n\n\n\n<li>Konzert der M\u00e4nner Oberwil-Lieli (CH) <\/li>\n\n\n\n<li>Hexenbar Belalp (CH) <\/li>\n\n\n\n<li>Raclette-Abend R\u00f6ssli Oberbipp (CH) <\/li>\n\n\n\n<li>Weihnachtsfeier FC mont Coeuve (CH) <\/li>\n\n\n\n<li><a href=\"https:\/\/www.rts.ch\/audio-podcast\/2022\/audio\/festival-de-soupes-la-tuile-en-direct-du-centre-le-phenix-a-fribourg-25884809.html\" rel=\"nofollow noopener\" target=\"_blank\">Kiosque \u00e0 Musique en directe rts (CH)<\/a><\/li>\n\n\n\n<li>2. Weihnachtsmarkt im Restaurant des places, Tramelan (CH) <\/li>\n\n\n\n<li><a href=\"http:\/\/gbs-car.ch\/index.php?id=56\" rel=\"nofollow noopener\" target=\"_blank\">Croisi\u00e8re<\/a> du march\u00e9 de no\u00ebl 2022 (DE)<\/li>\n\n\n\n<li>H\u00e4ndlermesse Tramelan 2022 (CH) <\/li>\n\n\n\n<li>Stubete La Cuisini\u00e8re, Cort\u00e9bert (CH) <\/li>\n\n\n\n<li>Jura-Messe, Del\u00e9mont (CH)<\/li>\n\n\n\n<li>Zwiebelmarkt, Biel (CH) <\/li>\n\n\n\n<li>H\u00f4tel Massa, Blatten bei Naters (CH) <\/li>\n\n\n\n<li>Jahrmarkt in Dombresson (CH) <\/li>\n\n\n\n<li>Raclette-Abend Mont-Coeuve (CH) <\/li>\n\n\n\n<li><a href=\"https:\/\/www.les-cj.ch\/News\/Trains-vapeur-publics-2018\" target=\"_blank\" rel=\"noreferrer noopener nofollow\">Soir\u00e9e raclette dans le train \u00e0 vapeur<\/a> (CH)<\/li>\n\n\n\n<li><a href=\"https:\/\/www.srf.ch\/play\/tv\/potzmusig\/video\/oergelizauber-aus-dem-emmental?urn=urn:srf:video:89c9ad61-8676-4e5c-abe6-3ac771ecd15a\" target=\"_blank\" rel=\"noreferrer noopener nofollow\">Potzmusig (SRF 1)<\/a> (CH)<\/li>\n\n\n\n<li>Tag der offenen T\u00fcr auf dem Bauernhof der Familie Blanchard (CH)<\/li>\n\n\n\n<li><a href=\"https:\/\/www.rjb.ch\/rjb\/Actualite\/Region\/20220905-Page-de-vie-Marc-Tschanz.html#\" target=\"_blank\" rel=\"noreferrer noopener nofollow\">Page de vie (RJB)<\/a> (CH)<\/li>\n\n\n\n<li>Foire de Chaindon (CH) <\/li>\n\n\n\n<li>Alpenschlager Festival (CH) <\/li>\n\n\n\n<li>Dorffest Valbirse (CH) <\/li>\n\n\n\n<li><a href=\"https:\/\/www.srf.ch\/play\/tv\/potzmusig\/video\/feiert-10-jaehriges-jubilaeum-der-volksmusiksendung?urn=urn:srf:video:97f0d8de-b747-4e9b-bd32-267cac37057c\" target=\"_blank\" rel=\"noreferrer noopener nofollow\">Potzmusig (SRF 1)<\/a> (CH)<\/li>\n\n\n\n<li>Musig i de Altstadt 2022 (CH) <\/li>\n\n\n\n<li>Eidgen\u00f6ssisches Schwingfest Schweiz (CH) <\/li>\n\n\n\n<li>Gottesdienst in L\u00f6wenburg (CH) <\/li>\n\n\n\n<li>Feuermagazin (CH) <\/li>\n\n\n\n<li>Auberge du Graitery (CH) <\/li>\n\n\n\n<li>Gottesdienst in Pr\u00e8s-de-Cort\u00e9bert (CH) <\/li>\n\n\n\n<li>Hotel Aletschhorn Belalp (CH) <\/li>\n\n\n\n<li>Restaurant Sur Le Mont (CH) <\/li>\n\n\n\n<li>Fiest\u2019\u00e0 Jobert (CH) <\/li>\n\n\n\n<li>SlowUp Jura (CH) <\/li>\n\n\n\n<li><a href=\"https:\/\/www.rts.ch\/audio-podcast\/2022\/audio\/les-promotions-du-locle-patinoire-du-locle-25835509.html\" target=\"_blank\" rel=\"noreferrer noopener nofollow\">Kiosque \u00e0 Musique \u2013 Radio RTS (CH)<\/a><\/li>\n\n\n\n<li>Offene T\u00fcren des landwirtschaftlichen Anwesens der Familie Ganguin (CH)<\/li>\n\n\n\n<li>35<sup>e<\/sup> f\u00eate champ\u00eatre Restaurant de La Cuisini\u00e8re (CH)<\/li>\n\n\n\n<li>Skiweltcup 2022 in Crans-Montana (CH) <\/li>\n<\/ul>\n<\/details>\n\n<details class=\"wp-block-details is-layout-flow wp-block-details-is-layout-flow\"><summary>2021<\/summary>\n<ul class=\"wp-block-list\">\n<li>Stubete Bisons Ranch (CH)<\/li>\n\n\n\n<li>Einweihungsfeier des Fanions (CH) <\/li>\n\n\n\n<li>Bourdon-Festival (CH)<\/li>\n\n\n\n<li>Marti-Kreuzfahrt (Mittelmeer)<\/li>\n\n\n\n<li>Auberge de La Graitery (CH) <\/li>\n\n\n\n<li>Jahreskonzert der Fanfare de La Ferri\u00e8re (CH)<\/li>\n\n\n\n<li>Volksmusikwochenende Leukerbad 2021 (CH)<\/li>\n<\/ul>\n<\/details>\n\n<p class=\"wp-block-paragraph\"><\/p>\n","protected":false},"excerpt":{"rendered":"<p>Samstag, den 5. September 2026 von 19:00 bis 21:00 Uhr Jugendfest Gurmels &#8211; Turnhalle Cordast, Dorfstrasse 48, 1792 Cordast (FR) &#8211; Marc Tschanz Freitag 11 September 2026 von 19h bis 22h15 Stubete Gebenstorf &#8211; Hornblick 3 5412 Gebenstorf (AG)- Marc Tschanz mit Adi Zurkirchen Martin Vogel und Alfred Mosimann Samstag 12 september 2026 ab 20h30&#8230;<\/p>\n","protected":false},"author":1,"featured_media":0,"parent":0,"menu_order":0,"comment_status":"closed","ping_status":"closed","template":"","meta":{"footnotes":""},"class_list":["post-219","page","type-page","status-publish","hentry"],"_links":{"self":[{"href":"https:\/\/www.marc-tschanz.com\/de\/wp-json\/wp\/v2\/pages\/219","targetHints":{"allow":["GET"]}}],"collection":[{"href":"https:\/\/www.marc-tschanz.com\/de\/wp-json\/wp\/v2\/pages"}],"about":[{"href":"https:\/\/www.marc-tschanz.com\/de\/wp-json\/wp\/v2\/types\/page"}],"author":[{"embeddable":true,"href":"https:\/\/www.marc-tschanz.com\/de\/wp-json\/wp\/v2\/users\/1"}],"replies":[{"embeddable":true,"href":"https:\/\/www.marc-tschanz.com\/de\/wp-json\/wp\/v2\/comments?post=219"}],"version-history":[{"count":540,"href":"https:\/\/www.marc-tschanz.com\/de\/wp-json\/wp\/v2\/pages\/219\/revisions"}],"predecessor-version":[{"id":3609,"href":"https:\/\/www.marc-tschanz.com\/de\/wp-json\/wp\/v2\/pages\/219\/revisions\/3609"}],"wp:attachment":[{"href":"https:\/\/www.marc-tschanz.com\/de\/wp-json\/wp\/v2\/media?parent=219"}],"curies":[{"name":"wp","href":"https:\/\/api.w.org\/{rel}","templated":true}]}}